{"id":58422,"date":"2020-12-29T14:18:34","date_gmt":"2020-12-29T14:18:34","guid":{"rendered":"https:\/\/castle-vianden.lu\/?post_type=mec-events&#038;p=58422"},"modified":"2025-12-23T13:54:50","modified_gmt":"2025-12-23T13:54:50","slug":"4-veiner-pabeier-a-beicherdeeg","status":"publish","type":"mec-events","link":"https:\/\/castle-vianden.lu\/fr\/events\/4-veiner-pabeier-a-beicherdeeg\/","title":{"rendered":"9. VEINER PABEIER-A BEICHERDEEG"},"content":{"rendered":"<h2>12 &amp; 13 septembre 2026 de 10 \u00e0 18 heures<\/h2>\n<p>Ce week-end, tout tourne autour du th\u00e8me du \u00ab papier \u00bb au ch\u00e2teau de Vianden.<\/p>\n<p>Ce mat\u00e9riau tr\u00e8s appr\u00e9ci\u00e9 sera au centre de nombreuses d\u00e9monstrations.<\/p>\n<p>Outre la vente de livres pr\u00e9cieux et anciens, un programme vari\u00e9 attend les visiteurs.<\/p>\n<p>Ils se familiariseront avec les mat\u00e9riaux et les mati\u00e8res premi\u00e8res du papier. Ils parcourent le chemin de la cr\u00e9ation du papier et se familiarisent avec les techniques d&#8217;impression. Il s&#8217;agit de la gravure, de la lithographie et de la calligraphie.<\/p>\n<p>Les jeunes visiteurs peuvent s&#8217;immerger dans le monde du papier en participant \u00e0 diff\u00e9rents ateliers de papier.<\/p>\n<p>Une exp\u00e9rience int\u00e9ressante et instructive pour les jeunes et les moins jeunes \/ pour toute la famille.<\/p>\n<article class=\"text-token-text-primary w-full focus:outline-none scroll-mt-[calc(var(--header-height)+min(200px,max(70px,20svh)))]\" dir=\"auto\" tabindex=\"-1\" data-turn-id=\"request-WEB:1905e33f-9aeb-43f1-9a51-664aefd85a44-0\" data-testid=\"conversation-turn-2\" data-scroll-anchor=\"true\" data-turn=\"assistant\">\n<div class=\"text-base my-auto mx-auto pb-10 [--thread-content-margin:--spacing(4)] @[37rem]:[--thread-content-margin:--spacing(6)] @[72rem]:[--thread-content-margin:--spacing(16)] px-(--thread-content-margin)\">\n<div class=\"[--thread-content-max-width:32rem] @[34rem]:[--thread-content-max-width:40rem] @[64rem]:[--thread-content-max-width:48rem] mx-auto max-w-(--thread-content-max-width) flex-1 group\/turn-messages focus-visible:outline-hidden relative flex w-full min-w-0 flex-col agent-turn\" tabindex=\"-1\">\n<div class=\"flex max-w-full flex-col grow\">\n<div class=\"min-h-8 text-message relative flex w-full flex-col items-end gap-2 text-start break-words whitespace-normal [.text-message+&amp;]:mt-5\" dir=\"auto\" data-message-author-role=\"assistant\" data-message-id=\"a30e5154-2a0f-41d2-b1b0-d6b3f7be8dac\" data-message-model-slug=\"gpt-4o\">\n<div class=\"flex w-full flex-col gap-1 empty:hidden first:pt-[3px]\">\n<div class=\"markdown prose dark:prose-invert w-full break-words light markdown-new-styling\">\n<p data-start=\"0\" data-end=\"151\" data-is-last-node=\"\" data-is-only-node=\"\"><b>Prix d\u2019entr\u00e9e:<\/b><br \/>\nMembres des Amis du Ch\u00e2teau de Vianden:\u00a0<b>GRATUIT<\/b><br \/>\nNon-membres: Prix d\u2019entr\u00e9e au Ch\u00e2teau<\/p>\n<\/div>\n<\/div>\n<\/div>\n<\/div>\n<\/div>\n<\/div>\n<\/article>\n<div id=\"attachment_58974\" style=\"width: 310px\" class=\"wp-caption alignleft\"><img loading=\"lazy\" decoding=\"async\" aria-describedby=\"caption-attachment-58974\" class=\"size-medium wp-image-58974\" src=\"https:\/\/castle-vianden.lu\/wp-content\/uploads\/2020\/12\/Johannes-Follmer_1-300x200.jpg\" alt=\"\" width=\"300\" height=\"200\" srcset=\"https:\/\/castle-vianden.lu\/wp-content\/uploads\/2020\/12\/Johannes-Follmer_1-300x200.jpg 300w, https:\/\/castle-vianden.lu\/wp-content\/uploads\/2020\/12\/Johannes-Follmer_1-1024x683.jpg 1024w, https:\/\/castle-vianden.lu\/wp-content\/uploads\/2020\/12\/Johannes-Follmer_1-768x512.jpg 768w, https:\/\/castle-vianden.lu\/wp-content\/uploads\/2020\/12\/Johannes-Follmer_1-391x260.jpg 391w, https:\/\/castle-vianden.lu\/wp-content\/uploads\/2020\/12\/Johannes-Follmer_1-1536x1025.jpg 1536w, https:\/\/castle-vianden.lu\/wp-content\/uploads\/2020\/12\/Johannes-Follmer_1-2048x1366.jpg 2048w\" sizes=\"auto, (max-width: 300px) 100vw, 300px\" \/><p id=\"caption-attachment-58974\" class=\"wp-caption-text\">Copyright: Caroline Martin<\/p><\/div>\n<div id=\"attachment_58978\" style=\"width: 310px\" class=\"wp-caption alignleft\"><img loading=\"lazy\" decoding=\"async\" aria-describedby=\"caption-attachment-58978\" class=\"size-medium wp-image-58978\" src=\"https:\/\/castle-vianden.lu\/wp-content\/uploads\/2020\/12\/Weihmanns-300x200.jpg\" alt=\"\" width=\"300\" height=\"200\" srcset=\"https:\/\/castle-vianden.lu\/wp-content\/uploads\/2020\/12\/Weihmanns-300x200.jpg 300w, https:\/\/castle-vianden.lu\/wp-content\/uploads\/2020\/12\/Weihmanns-1024x683.jpg 1024w, https:\/\/castle-vianden.lu\/wp-content\/uploads\/2020\/12\/Weihmanns-768x512.jpg 768w, https:\/\/castle-vianden.lu\/wp-content\/uploads\/2020\/12\/Weihmanns-391x260.jpg 391w, https:\/\/castle-vianden.lu\/wp-content\/uploads\/2020\/12\/Weihmanns-1536x1025.jpg 1536w, https:\/\/castle-vianden.lu\/wp-content\/uploads\/2020\/12\/Weihmanns-2048x1366.jpg 2048w\" sizes=\"auto, (max-width: 300px) 100vw, 300px\" \/><p id=\"caption-attachment-58978\" class=\"wp-caption-text\">Copyright: Caroline Martin<\/p><\/div>\n<div id=\"attachment_58975\" style=\"width: 310px\" class=\"wp-caption alignleft\"><img loading=\"lazy\" decoding=\"async\" aria-describedby=\"caption-attachment-58975\" class=\"size-medium wp-image-58975\" src=\"https:\/\/castle-vianden.lu\/wp-content\/uploads\/2020\/12\/Milites_Druck-300x200.jpg\" alt=\"\" width=\"300\" height=\"200\" srcset=\"https:\/\/castle-vianden.lu\/wp-content\/uploads\/2020\/12\/Milites_Druck-300x200.jpg 300w, https:\/\/castle-vianden.lu\/wp-content\/uploads\/2020\/12\/Milites_Druck-1024x683.jpg 1024w, https:\/\/castle-vianden.lu\/wp-content\/uploads\/2020\/12\/Milites_Druck-768x512.jpg 768w, https:\/\/castle-vianden.lu\/wp-content\/uploads\/2020\/12\/Milites_Druck-391x260.jpg 391w, https:\/\/castle-vianden.lu\/wp-content\/uploads\/2020\/12\/Milites_Druck-1536x1025.jpg 1536w, https:\/\/castle-vianden.lu\/wp-content\/uploads\/2020\/12\/Milites_Druck-2048x1366.jpg 2048w\" sizes=\"auto, (max-width: 300px) 100vw, 300px\" \/><p id=\"caption-attachment-58975\" class=\"wp-caption-text\">Copyright: Caroline Martin<\/p><\/div>\n<div id=\"attachment_58769\" style=\"width: 310px\" class=\"wp-caption alignleft\"><img loading=\"lazy\" decoding=\"async\" aria-describedby=\"caption-attachment-58769\" class=\"size-medium wp-image-58769\" src=\"https:\/\/castle-vianden.lu\/wp-content\/uploads\/2020\/12\/Pabeierfest2017_-1-von-1-300x200.jpg\" alt=\"\" width=\"300\" height=\"200\" srcset=\"https:\/\/castle-vianden.lu\/wp-content\/uploads\/2020\/12\/Pabeierfest2017_-1-von-1-300x200.jpg 300w, https:\/\/castle-vianden.lu\/wp-content\/uploads\/2020\/12\/Pabeierfest2017_-1-von-1-1024x683.jpg 1024w, https:\/\/castle-vianden.lu\/wp-content\/uploads\/2020\/12\/Pabeierfest2017_-1-von-1-768x513.jpg 768w, https:\/\/castle-vianden.lu\/wp-content\/uploads\/2020\/12\/Pabeierfest2017_-1-von-1-391x260.jpg 391w, https:\/\/castle-vianden.lu\/wp-content\/uploads\/2020\/12\/Pabeierfest2017_-1-von-1-1536x1025.jpg 1536w, https:\/\/castle-vianden.lu\/wp-content\/uploads\/2020\/12\/Pabeierfest2017_-1-von-1-2048x1367.jpg 2048w\" sizes=\"auto, (max-width: 300px) 100vw, 300px\" \/><p id=\"caption-attachment-58769\" class=\"wp-caption-text\">Copyright: Jengel Klasen<\/p><\/div>\n<h3><\/h3>\n<h3><\/h3>\n<h3><\/h3>\n<h3><\/h3>\n<h3><\/h3>\n<h3><\/h3>\n<h3><\/h3>\n<div id=\"attachment_60106\" style=\"width: 310px\" class=\"wp-caption alignleft\"><img loading=\"lazy\" decoding=\"async\" aria-describedby=\"caption-attachment-60106\" class=\" wp-image-60106\" src=\"https:\/\/castle-vianden.lu\/wp-content\/uploads\/2020\/12\/RS55705_10092023CaroLineM0004_DSC1254-hpr-scaled.jpg\" alt=\"\" width=\"300\" height=\"200\" srcset=\"https:\/\/castle-vianden.lu\/wp-content\/uploads\/2020\/12\/RS55705_10092023CaroLineM0004_DSC1254-hpr-scaled.jpg 2560w, https:\/\/castle-vianden.lu\/wp-content\/uploads\/2020\/12\/RS55705_10092023CaroLineM0004_DSC1254-hpr-300x200.jpg 300w, https:\/\/castle-vianden.lu\/wp-content\/uploads\/2020\/12\/RS55705_10092023CaroLineM0004_DSC1254-hpr-1024x683.jpg 1024w, https:\/\/castle-vianden.lu\/wp-content\/uploads\/2020\/12\/RS55705_10092023CaroLineM0004_DSC1254-hpr-768x512.jpg 768w, https:\/\/castle-vianden.lu\/wp-content\/uploads\/2020\/12\/RS55705_10092023CaroLineM0004_DSC1254-hpr-391x260.jpg 391w, https:\/\/castle-vianden.lu\/wp-content\/uploads\/2020\/12\/RS55705_10092023CaroLineM0004_DSC1254-hpr-1536x1025.jpg 1536w, https:\/\/castle-vianden.lu\/wp-content\/uploads\/2020\/12\/RS55705_10092023CaroLineM0004_DSC1254-hpr-2048x1366.jpg 2048w\" sizes=\"auto, (max-width: 300px) 100vw, 300px\" \/><p id=\"caption-attachment-60106\" class=\"wp-caption-text\">Copyright: Caroline Martin<\/p><\/div>\n<div id=\"attachment_60107\" style=\"width: 310px\" class=\"wp-caption alignleft\"><img loading=\"lazy\" decoding=\"async\" aria-describedby=\"caption-attachment-60107\" class=\" wp-image-60107\" src=\"https:\/\/castle-vianden.lu\/wp-content\/uploads\/2020\/12\/RS55749_10092023CaroLineM0022_DSC1433-hpr-scaled.jpg\" alt=\"\" width=\"300\" height=\"200\" srcset=\"https:\/\/castle-vianden.lu\/wp-content\/uploads\/2020\/12\/RS55749_10092023CaroLineM0022_DSC1433-hpr-scaled.jpg 2560w, https:\/\/castle-vianden.lu\/wp-content\/uploads\/2020\/12\/RS55749_10092023CaroLineM0022_DSC1433-hpr-300x200.jpg 300w, https:\/\/castle-vianden.lu\/wp-content\/uploads\/2020\/12\/RS55749_10092023CaroLineM0022_DSC1433-hpr-1024x683.jpg 1024w, https:\/\/castle-vianden.lu\/wp-content\/uploads\/2020\/12\/RS55749_10092023CaroLineM0022_DSC1433-hpr-768x512.jpg 768w, https:\/\/castle-vianden.lu\/wp-content\/uploads\/2020\/12\/RS55749_10092023CaroLineM0022_DSC1433-hpr-391x260.jpg 391w, https:\/\/castle-vianden.lu\/wp-content\/uploads\/2020\/12\/RS55749_10092023CaroLineM0022_DSC1433-hpr-1536x1025.jpg 1536w, https:\/\/castle-vianden.lu\/wp-content\/uploads\/2020\/12\/RS55749_10092023CaroLineM0022_DSC1433-hpr-2048x1366.jpg 2048w\" sizes=\"auto, (max-width: 300px) 100vw, 300px\" \/><p id=\"caption-attachment-60107\" class=\"wp-caption-text\">Copyright: Caroline Martin<\/p><\/div>\n<h3><\/h3>\n<h3><\/h3>\n<h3><\/h3>\n<h3><\/h3>\n<p>&nbsp;<\/p>\n<p>&nbsp;<\/p>\n<p>&nbsp;<\/p>\n<p>&nbsp;<\/p>\n<h3><\/h3>\n<h3><\/h3>\n<div class=\"o9v6fnle cxmmr5t8 oygrvhab hcukyx3x c1et5uql\">\n<p>&nbsp;<\/p>\n<\/div>\n","protected":false},"excerpt":{"rendered":"<p>12 &amp; 13 septembre 2026 de 10 \u00e0 18 heures Ce week-end, tout tourne autour du th\u00e8me du \u00ab papier \u00bb au ch\u00e2teau de Vianden. Ce mat\u00e9riau tr\u00e8s appr\u00e9ci\u00e9 sera au centre de nombreuses d\u00e9monstrations. Outre la vente de livres pr\u00e9cieux et anciens, un programme vari\u00e9 attend les visiteurs. Ils se familiariseront avec les mat\u00e9riaux&hellip;<\/p>\n","protected":false},"author":2,"featured_media":57492,"comment_status":"closed","ping_status":"closed","template":"","tags":[],"mec_category":[194],"class_list":["post-58422","mec-events","type-mec-events","status-publish","has-post-thumbnail","hentry","mec_category-animation","description-off"],"translation":{"provider":"WPGlobus","version":"3.0.0","language":"fr","enabled_languages":["de","fr","gb","nl"],"languages":{"de":{"title":true,"content":true,"excerpt":false},"fr":{"title":true,"content":true,"excerpt":false},"gb":{"title":true,"content":true,"excerpt":false},"nl":{"title":true,"content":true,"excerpt":false}}},"_links":{"self":[{"href":"https:\/\/castle-vianden.lu\/fr\/wp-json\/wp\/v2\/mec-events\/58422","targetHints":{"allow":["GET"]}}],"collection":[{"href":"https:\/\/castle-vianden.lu\/fr\/wp-json\/wp\/v2\/mec-events"}],"about":[{"href":"https:\/\/castle-vianden.lu\/fr\/wp-json\/wp\/v2\/types\/mec-events"}],"author":[{"embeddable":true,"href":"https:\/\/castle-vianden.lu\/fr\/wp-json\/wp\/v2\/users\/2"}],"replies":[{"embeddable":true,"href":"https:\/\/castle-vianden.lu\/fr\/wp-json\/wp\/v2\/comments?post=58422"}],"wp:featuredmedia":[{"embeddable":true,"href":"https:\/\/castle-vianden.lu\/fr\/wp-json\/wp\/v2\/media\/57492"}],"wp:attachment":[{"href":"https:\/\/castle-vianden.lu\/fr\/wp-json\/wp\/v2\/media?parent=58422"}],"wp:term":[{"taxonomy":"post_tag","embeddable":true,"href":"https:\/\/castle-vianden.lu\/fr\/wp-json\/wp\/v2\/tags?post=58422"},{"taxonomy":"mec_category","embeddable":true,"href":"https:\/\/castle-vianden.lu\/fr\/wp-json\/wp\/v2\/mec_category?post=58422"}],"curies":[{"name":"wp","href":"https:\/\/api.w.org\/{rel}","templated":true}]}}