{"id":58493,"date":"2021-01-12T12:25:25","date_gmt":"2021-01-12T12:25:25","guid":{"rendered":"https:\/\/castle-vianden.lu\/?post_type=mec-events&#038;p=58493"},"modified":"2025-12-18T11:59:48","modified_gmt":"2025-12-18T11:59:48","slug":"les-eleves-du-cmnord","status":"publish","type":"mec-events","link":"https:\/\/castle-vianden.lu\/fr\/events\/les-eleves-du-cmnord\/","title":{"rendered":"JEUNES PIANISTES +"},"content":{"rendered":"<h2><strong>Concert, dimanche le 25 janvier 2026 \u00e0 16.00 heures en la salle Vic. Abens<\/strong><\/h2>\n<div class=\"paragraph\">\n<p data-start=\"81\" data-end=\"378\">Le ch\u00e2teau de Vianden ouvre \u00e0 nouveau ses portes \u00e0 la jeune cr\u00e9ation musicale.<br data-start=\"159\" data-end=\"162\" \/>Dans le cadre sonore exceptionnel de la salle Vic-Abens, les <em data-start=\"223\" data-end=\"256\">Amis du Ch\u00e2teau de Vianden asbl<\/em>, en collaboration avec le <em data-start=\"283\" data-end=\"306\">Conservatoire du Nord<\/em>, invitent le public \u00e0 une soir\u00e9e pleine de d\u00e9couvertes et d\u2019\u00e9motions.<\/p>\n<p data-start=\"380\" data-end=\"735\">Le concert <strong data-start=\"391\" data-end=\"417\">\u00ab Jeunes pianistes + \u00bb<\/strong> mettra \u00e0 l\u2019honneur une nouvelle g\u00e9n\u00e9ration d\u2019interpr\u00e8tes issus des classes du <em data-start=\"496\" data-end=\"519\">Conservatoire du Nord<\/em>. De jeunes pianistes prometteurs, mais aussi d\u2019autres instrumentistes talentueux, se succ\u00e9deront sur sc\u00e8ne et proposeront un programme riche et contrast\u00e9 m\u00ealant pi\u00e8ces solistes et formations de musique de chambre.<\/p>\n<\/div>\n<div class=\"paragraph\">\n<p><b>R\u00e9servations: (+352) 83 41 08-1 \/\u00a0<\/b><a title=\"\" href=\"mailto:caisse@castle-vianden.lu\" target=\"_blank\" rel=\"noopener noreferrer\">caisse@castle-vianden.lu<\/a><\/p>\n<p><b>Prix d\u2019entr\u00e9e:<\/b><br \/>\nMembres des Amis du Ch\u00e2teau de Vianden:\u00a0<b>GRATUIT<\/b><br \/>\nNon-membres: Prix d\u2019entr\u00e9e au Ch\u00e2teau<\/p>\n<\/div>\n<p>&nbsp;<\/p>\n","protected":false},"excerpt":{"rendered":"<p>Concert, dimanche le 25 janvier 2026 \u00e0 16.00 heures en la salle Vic. Abens Le ch\u00e2teau de Vianden ouvre \u00e0 nouveau ses portes \u00e0 la jeune cr\u00e9ation musicale.Dans le cadre sonore exceptionnel de la salle Vic-Abens, les Amis du Ch\u00e2teau de Vianden asbl, en collaboration avec le Conservatoire du Nord, invitent le public \u00e0 une&hellip;<\/p>\n","protected":false},"author":2,"featured_media":60613,"comment_status":"closed","ping_status":"closed","template":"","tags":[],"mec_category":[191],"class_list":["post-58493","mec-events","type-mec-events","status-publish","has-post-thumbnail","hentry","mec_category-concert","description-off"],"translation":{"provider":"WPGlobus","version":"3.0.0","language":"fr","enabled_languages":["de","fr","gb","nl"],"languages":{"de":{"title":true,"content":true,"excerpt":false},"fr":{"title":true,"content":true,"excerpt":false},"gb":{"title":true,"content":true,"excerpt":false},"nl":{"title":true,"content":true,"excerpt":false}}},"_links":{"self":[{"href":"https:\/\/castle-vianden.lu\/fr\/wp-json\/wp\/v2\/mec-events\/58493","targetHints":{"allow":["GET"]}}],"collection":[{"href":"https:\/\/castle-vianden.lu\/fr\/wp-json\/wp\/v2\/mec-events"}],"about":[{"href":"https:\/\/castle-vianden.lu\/fr\/wp-json\/wp\/v2\/types\/mec-events"}],"author":[{"embeddable":true,"href":"https:\/\/castle-vianden.lu\/fr\/wp-json\/wp\/v2\/users\/2"}],"replies":[{"embeddable":true,"href":"https:\/\/castle-vianden.lu\/fr\/wp-json\/wp\/v2\/comments?post=58493"}],"wp:featuredmedia":[{"embeddable":true,"href":"https:\/\/castle-vianden.lu\/fr\/wp-json\/wp\/v2\/media\/60613"}],"wp:attachment":[{"href":"https:\/\/castle-vianden.lu\/fr\/wp-json\/wp\/v2\/media?parent=58493"}],"wp:term":[{"taxonomy":"post_tag","embeddable":true,"href":"https:\/\/castle-vianden.lu\/fr\/wp-json\/wp\/v2\/tags?post=58493"},{"taxonomy":"mec_category","embeddable":true,"href":"https:\/\/castle-vianden.lu\/fr\/wp-json\/wp\/v2\/mec_category?post=58493"}],"curies":[{"name":"wp","href":"https:\/\/api.w.org\/{rel}","templated":true}]}}