{"id":58716,"date":"2021-06-30T08:05:40","date_gmt":"2021-06-30T08:05:40","guid":{"rendered":"https:\/\/castle-vianden.lu\/?post_type=mec-events&#038;p=58716"},"modified":"2025-10-07T11:02:47","modified_gmt":"2025-10-07T11:02:47","slug":"via-kammerata-2nd-edition-musicdays-vianden-2021","status":"publish","type":"mec-events","link":"https:\/\/castle-vianden.lu\/fr\/events\/via-kammerata-2nd-edition-musicdays-vianden-2021\/","title":{"rendered":"MUSICDAYS VIANDEN 2025 &#8211; Calmus Ensemble Leipzig"},"content":{"rendered":"<h2><strong>MusicDays Vianden 2025<\/strong><\/h2>\n<h2>02.11. &#8211; 09.11.2025<\/h2>\n<h3>Ch\u00e2teau, Ancien Cin\u00e9ma, \u00c9glise des Trinitaires<\/h3>\n<h3>6e \u00e9dition<\/h3>\n<p>Pour la sixi\u00e8me fois, les MusicDays transforment la ville de Vianden en une sc\u00e8ne d\u00e9di\u00e9e aux d\u00e9couvertes musicales. Le coup d\u2019envoi est donn\u00e9 par le Calmus Ensemble Leipzig avec Maurice Clement (orgue) \u00e0 l\u2019\u00e9glise des Trinitaires, avec un programme allant de la Renaissance \u00e0 la musique vocale romantique et contemporaine. Au ch\u00e2teau, le concert \u00ab\u202fDer Ruf des Horns\u202f\u00bb propose des \u0153uvres de Mozart, Brahms, Reuter et Kurt\u00e1g, dans lesquelles le cor traverse les \u00e9poques en fil conducteur sonore. Le Trio Anaphora investit l\u2019Ancien Cin\u00e9ma avec une soir\u00e9e jazz m\u00ealant rythmes techno\u00efdes, improvisation et influences non europ\u00e9ennes. Pour les enfants et les familles, \u00ab\u202fCopp\u00e9lia \u2013 Eng ongew\u00e9inlech Popp\u202f\u00bb raconte une histoire musicale et chor\u00e9graphique pleine d\u2019imagination. Le concert de cl\u00f4ture r\u00e9unit le quintette avec clarinette de Mozart, empreint d\u2019intimit\u00e9, et la suite incisive de Strauss \u00ab\u202fLe Bourgeois gentilhomme\u202f\u00bb \u2013 une rencontre finale de finesse sonore et de raffinement stylistique. Ancien et moderne, po\u00e9sie et jeu entrent en dialogue \u2013 chacun y trouvera son plaisir.<\/p>\n<hr \/>\n<h2>Dimanche 2\/11 | 17:00 | Eglise des Trinitaires | <span class=\"wixui-rich-text__text\">Calmus Ensemble Leipzig<\/span><\/h2>\n<p>Pour ce concert exceptionnel, Kammerata Luxembourg invite le c\u00e9l\u00e8bre Calmus Ensemble de Leipzig \u2013 un quintette vocal qui s\u00e9duit depuis plus de 25 ans par la pr\u00e9cision de son timbre, la richesse de ses styles et la profondeur de son expression musicale. Aux c\u00f4t\u00e9s de Maurice Clement, organiste de la Kammerata, na\u00eet un v\u00e9ritable dialogue musical : entre voix et souffle d\u2019orgue, entre Renaissance et cr\u00e9ation contemporaine, entre rigueur formelle et libert\u00e9 sonore.<\/p>\n<p>La soir\u00e9e tourne autour des quatre \u00e9l\u00e9ments \u2013 l\u2019eau, la terre, l\u2019air et le feu \u2013 symboles des forces de la nature autant que des \u00e9tats int\u00e9rieurs. Le cycle Les \u00e9l\u00e9ments de l\u2019\u00eatre, \u00e9crit sp\u00e9cialement pour Calmus par Harald Banter, trouve son \u00e9cho dans les Duetti de Johann Sebastian Bach \u2013 des pi\u00e8ces d\u2019orgue raffin\u00e9es auxquelles Maurice Clement donne vie comme des r\u00e9ponses en miroir. Entre ces p\u00f4les s\u2019ouvrent des espaces d\u2019improvisation, de chants populaires revisit\u00e9s par Brahms et d\u2019\u0153uvres vocales de la Renaissance sign\u00e9es William Byrd.<\/p>\n<p>Il en r\u00e9sulte un dialogue musical contemplatif et intense \u2013 sur la puissance de la nature, sur la beaut\u00e9 de la voix\u2026 et sur ce qui se joue dans les silences entre les sons.<\/p>\n<p>Louis Marchand \u2013 Grand Dialogue en Ut<\/p>\n<p>William Byrd \u2013 extraits de la Messe \u00e0 cinq voix<\/p>\n<p>Johannes Brahms \u2013 Waldesnacht \u00b7 In stiller Nacht \u00b7 Der Falke \u00b7 Da unten im Tale<\/p>\n<p>Harald Banter \u2013 Wasser \u00b7 Erde \u00b7 Luft \u00b7 Feuer (aus Elemente des Seins, 2024)<\/p>\n<p>Johann Sebastian Bach \u2013 Duetto I\u2013IV, BWV 802\u2013805<\/p>\n<p>William Byrd \u2013 The Bells<\/p>\n<p>Maurice Clement \u2013 Improvisation pour orgue<\/p>\n<p>&nbsp;<\/p>\n<p>Maurice Clement, orgue<\/p>\n<p>Calmus Ensemble Leipzig:<\/p>\n<p>Elisabeth M\u00fccksch, soprano<\/p>\n<p>Johanna Veit, alto<\/p>\n<p>Friedrich Bracks, t\u00e9nor<\/p>\n<p>Jonathan M\u00fcller Saretz, baryton<\/p>\n<p>Michael B. Gernert, basse<\/p>\n<div id=\"bgLayers_comp-m0cbng6r\" class=\"MW5IWV\" data-hook=\"bgLayers\" data-motion-part=\"BG_LAYER comp-m0cbng6r\">\n<div id=\"bgMedia_comp-m0cbng6r\" class=\"VgO9Yg\" data-motion-part=\"BG_MEDIA comp-m0cbng6r\"><\/div>\n<\/div>\n<hr \/>\n<h3><strong>INFORMATIONS \/ RESERVATIONS: <\/strong><\/h3>\n<p><strong>Tickets<\/strong><br \/>\nExclusivement sur: <a href=\"https:\/\/www.musicdays.lu\/tickets\">https:\/\/www.musicdays.lu\/tickets<\/a><\/p>\n<p><strong>Informations<\/strong><br \/>\n<a href=\"http:\/\/www.musicdays.lu\">www.musicdays.lu<br \/>\n<\/a><a href=\"mailto:info@castle-vianden.lu\">info@castle-vianden.lu<br \/>\n<\/a>t\u00e9l : 83 41 08 1<\/p>\n<hr \/>\n<p><strong>Avec le soutien pr\u00e9cieux de EWA Fiduciaire S.A., Islek ouni Grenzen, Hotel Petry<\/strong><\/p>\n<hr \/>\n<p><strong>En coproduction avec le Conservatoire du Nord<\/strong><\/p>\n<hr \/>\n<p><img loading=\"lazy\" decoding=\"async\" class=\"alignnone wp-image-59858\" src=\"https:\/\/castle-vianden.lu\/wp-content\/uploads\/2023\/09\/Logo-Ministere-de-la-Culture.png\" alt=\"\" width=\"290\" height=\"72\" srcset=\"https:\/\/castle-vianden.lu\/wp-content\/uploads\/2023\/09\/Logo-Ministere-de-la-Culture.png 450w, https:\/\/castle-vianden.lu\/wp-content\/uploads\/2023\/09\/Logo-Ministere-de-la-Culture-300x75.png 300w\" sizes=\"auto, (max-width: 290px) 100vw, 290px\" \/> <img loading=\"lazy\" decoding=\"async\" class=\"alignnone wp-image-59329\" src=\"https:\/\/castle-vianden.lu\/wp-content\/uploads\/2021\/06\/VISIT_LUXBG_CMYK_1.jpg\" alt=\"\" width=\"177\" height=\"91\" \/> <img loading=\"lazy\" decoding=\"async\" class=\"alignnone wp-image-59263\" src=\"https:\/\/castle-vianden.lu\/wp-content\/uploads\/2020\/07\/Islek-ohne-Grenzen_2016_Logo.png\" alt=\"\" width=\"111\" height=\"121\" srcset=\"https:\/\/castle-vianden.lu\/wp-content\/uploads\/2020\/07\/Islek-ohne-Grenzen_2016_Logo.png 800w, https:\/\/castle-vianden.lu\/wp-content\/uploads\/2020\/07\/Islek-ohne-Grenzen_2016_Logo-274x300.png 274w, https:\/\/castle-vianden.lu\/wp-content\/uploads\/2020\/07\/Islek-ohne-Grenzen_2016_Logo-768x840.png 768w\" sizes=\"auto, (max-width: 111px) 100vw, 111px\" \/>\u00a0 \u00a0 <img loading=\"lazy\" decoding=\"async\" class=\"alignnone wp-image-58810\" src=\"https:\/\/castle-vianden.lu\/wp-content\/uploads\/2020\/07\/Ewa-texte.jpg\" alt=\"\" width=\"113\" height=\"99\" srcset=\"https:\/\/castle-vianden.lu\/wp-content\/uploads\/2020\/07\/Ewa-texte.jpg 595w, https:\/\/castle-vianden.lu\/wp-content\/uploads\/2020\/07\/Ewa-texte-300x263.jpg 300w\" sizes=\"auto, (max-width: 113px) 100vw, 113px\" \/><img loading=\"lazy\" decoding=\"async\" class=\"alignnone wp-image-60167\" src=\"https:\/\/castle-vianden.lu\/wp-content\/uploads\/2021\/06\/Logo_Hotel-Petry_20241018_124524_0000.jpg\" alt=\"\" width=\"211\" height=\"66\" srcset=\"https:\/\/castle-vianden.lu\/wp-content\/uploads\/2021\/06\/Logo_Hotel-Petry_20241018_124524_0000.jpg 1920w, https:\/\/castle-vianden.lu\/wp-content\/uploads\/2021\/06\/Logo_Hotel-Petry_20241018_124524_0000-300x94.jpg 300w, https:\/\/castle-vianden.lu\/wp-content\/uploads\/2021\/06\/Logo_Hotel-Petry_20241018_124524_0000-1024x320.jpg 1024w, https:\/\/castle-vianden.lu\/wp-content\/uploads\/2021\/06\/Logo_Hotel-Petry_20241018_124524_0000-768x240.jpg 768w, https:\/\/castle-vianden.lu\/wp-content\/uploads\/2021\/06\/Logo_Hotel-Petry_20241018_124524_0000-1536x480.jpg 1536w\" sizes=\"auto, (max-width: 211px) 100vw, 211px\" \/><img loading=\"lazy\" decoding=\"async\" class=\"alignnone wp-image-60584\" src=\"https:\/\/castle-vianden.lu\/wp-content\/uploads\/2023\/04\/Logo_WaagnerBiro_CMYK-1-scaled.jpg\" alt=\"\" width=\"212\" height=\"91\" srcset=\"https:\/\/castle-vianden.lu\/wp-content\/uploads\/2023\/04\/Logo_WaagnerBiro_CMYK-1-scaled.jpg 2560w, https:\/\/castle-vianden.lu\/wp-content\/uploads\/2023\/04\/Logo_WaagnerBiro_CMYK-1-300x129.jpg 300w, https:\/\/castle-vianden.lu\/wp-content\/uploads\/2023\/04\/Logo_WaagnerBiro_CMYK-1-1024x440.jpg 1024w, https:\/\/castle-vianden.lu\/wp-content\/uploads\/2023\/04\/Logo_WaagnerBiro_CMYK-1-768x330.jpg 768w, https:\/\/castle-vianden.lu\/wp-content\/uploads\/2023\/04\/Logo_WaagnerBiro_CMYK-1-1536x660.jpg 1536w, https:\/\/castle-vianden.lu\/wp-content\/uploads\/2023\/04\/Logo_WaagnerBiro_CMYK-1-2048x880.jpg 2048w\" sizes=\"auto, (max-width: 212px) 100vw, 212px\" \/><\/p>\n<p><img loading=\"lazy\" decoding=\"async\" class=\"alignnone wp-image-14\" src=\"https:\/\/castle-vianden.lu\/wp-content\/uploads\/2020\/04\/cropped-ChateauVianden_11_7_2016-1.png\" alt=\"\" width=\"190\" height=\"104\" srcset=\"https:\/\/castle-vianden.lu\/wp-content\/uploads\/2020\/04\/cropped-ChateauVianden_11_7_2016-1.png 6081w, https:\/\/castle-vianden.lu\/wp-content\/uploads\/2020\/04\/cropped-ChateauVianden_11_7_2016-1-600x328.png 600w, https:\/\/castle-vianden.lu\/wp-content\/uploads\/2020\/04\/cropped-ChateauVianden_11_7_2016-1-300x164.png 300w, https:\/\/castle-vianden.lu\/wp-content\/uploads\/2020\/04\/cropped-ChateauVianden_11_7_2016-1-1024x561.png 1024w, https:\/\/castle-vianden.lu\/wp-content\/uploads\/2020\/04\/cropped-ChateauVianden_11_7_2016-1-768x420.png 768w, https:\/\/castle-vianden.lu\/wp-content\/uploads\/2020\/04\/cropped-ChateauVianden_11_7_2016-1-1536x841.png 1536w, https:\/\/castle-vianden.lu\/wp-content\/uploads\/2020\/04\/cropped-ChateauVianden_11_7_2016-1-2048x1121.png 2048w, https:\/\/castle-vianden.lu\/wp-content\/uploads\/2020\/04\/cropped-ChateauVianden_11_7_2016-1-1200x657.png 1200w, https:\/\/castle-vianden.lu\/wp-content\/uploads\/2020\/04\/cropped-ChateauVianden_11_7_2016-1-1980x1084.png 1980w\" sizes=\"auto, (max-width: 190px) 100vw, 190px\" \/><img loading=\"lazy\" decoding=\"async\" class=\"alignnone wp-image-60042\" src=\"https:\/\/castle-vianden.lu\/wp-content\/uploads\/2023\/04\/Kammerata_Logo-scaled.jpg\" alt=\"\" width=\"298\" height=\"111\" srcset=\"https:\/\/castle-vianden.lu\/wp-content\/uploads\/2023\/04\/Kammerata_Logo-scaled.jpg 2560w, https:\/\/castle-vianden.lu\/wp-content\/uploads\/2023\/04\/Kammerata_Logo-300x112.jpg 300w, https:\/\/castle-vianden.lu\/wp-content\/uploads\/2023\/04\/Kammerata_Logo-1024x381.jpg 1024w, https:\/\/castle-vianden.lu\/wp-content\/uploads\/2023\/04\/Kammerata_Logo-768x286.jpg 768w, https:\/\/castle-vianden.lu\/wp-content\/uploads\/2023\/04\/Kammerata_Logo-1536x572.jpg 1536w, https:\/\/castle-vianden.lu\/wp-content\/uploads\/2023\/04\/Kammerata_Logo-2048x763.jpg 2048w\" sizes=\"auto, (max-width: 298px) 100vw, 298px\" \/><img loading=\"lazy\" decoding=\"async\" class=\"alignnone wp-image-60041\" src=\"https:\/\/castle-vianden.lu\/wp-content\/uploads\/2023\/04\/Logo-Ville_de_Vianden-Circle-VF-RGB.png\" alt=\"\" width=\"141\" height=\"141\" srcset=\"https:\/\/castle-vianden.lu\/wp-content\/uploads\/2023\/04\/Logo-Ville_de_Vianden-Circle-VF-RGB.png 1800w, https:\/\/castle-vianden.lu\/wp-content\/uploads\/2023\/04\/Logo-Ville_de_Vianden-Circle-VF-RGB-300x300.png 300w, https:\/\/castle-vianden.lu\/wp-content\/uploads\/2023\/04\/Logo-Ville_de_Vianden-Circle-VF-RGB-1024x1024.png 1024w, https:\/\/castle-vianden.lu\/wp-content\/uploads\/2023\/04\/Logo-Ville_de_Vianden-Circle-VF-RGB-135x135.png 135w, https:\/\/castle-vianden.lu\/wp-content\/uploads\/2023\/04\/Logo-Ville_de_Vianden-Circle-VF-RGB-768x768.png 768w, https:\/\/castle-vianden.lu\/wp-content\/uploads\/2023\/04\/Logo-Ville_de_Vianden-Circle-VF-RGB-1536x1536.png 1536w\" sizes=\"auto, (max-width: 141px) 100vw, 141px\" \/><\/p>\n","protected":false},"excerpt":{"rendered":"<p>MusicDays Vianden 2025 02.11. &#8211; 09.11.2025 Ch\u00e2teau, Ancien Cin\u00e9ma, \u00c9glise des Trinitaires 6e \u00e9dition Pour la sixi\u00e8me fois, les MusicDays transforment la ville de Vianden en une sc\u00e8ne d\u00e9di\u00e9e aux d\u00e9couvertes musicales. Le coup d\u2019envoi est donn\u00e9 par le Calmus Ensemble Leipzig avec Maurice Clement (orgue) \u00e0 l\u2019\u00e9glise des Trinitaires, avec un programme allant de&hellip;<\/p>\n","protected":false},"author":2,"featured_media":60578,"comment_status":"closed","ping_status":"closed","template":"","tags":[],"mec_category":[191],"class_list":["post-58716","mec-events","type-mec-events","status-publish","has-post-thumbnail","hentry","mec_category-concert","description-off"],"translation":{"provider":"WPGlobus","version":"3.0.0","language":"fr","enabled_languages":["de","fr","gb","nl"],"languages":{"de":{"title":true,"content":true,"excerpt":false},"fr":{"title":true,"content":true,"excerpt":false},"gb":{"title":true,"content":true,"excerpt":false},"nl":{"title":true,"content":true,"excerpt":false}}},"_links":{"self":[{"href":"https:\/\/castle-vianden.lu\/fr\/wp-json\/wp\/v2\/mec-events\/58716","targetHints":{"allow":["GET"]}}],"collection":[{"href":"https:\/\/castle-vianden.lu\/fr\/wp-json\/wp\/v2\/mec-events"}],"about":[{"href":"https:\/\/castle-vianden.lu\/fr\/wp-json\/wp\/v2\/types\/mec-events"}],"author":[{"embeddable":true,"href":"https:\/\/castle-vianden.lu\/fr\/wp-json\/wp\/v2\/users\/2"}],"replies":[{"embeddable":true,"href":"https:\/\/castle-vianden.lu\/fr\/wp-json\/wp\/v2\/comments?post=58716"}],"wp:featuredmedia":[{"embeddable":true,"href":"https:\/\/castle-vianden.lu\/fr\/wp-json\/wp\/v2\/media\/60578"}],"wp:attachment":[{"href":"https:\/\/castle-vianden.lu\/fr\/wp-json\/wp\/v2\/media?parent=58716"}],"wp:term":[{"taxonomy":"post_tag","embeddable":true,"href":"https:\/\/castle-vianden.lu\/fr\/wp-json\/wp\/v2\/tags?post=58716"},{"taxonomy":"mec_category","embeddable":true,"href":"https:\/\/castle-vianden.lu\/fr\/wp-json\/wp\/v2\/mec_category?post=58716"}],"curies":[{"name":"wp","href":"https:\/\/api.w.org\/{rel}","templated":true}]}}