{"id":60725,"date":"2025-11-28T12:43:23","date_gmt":"2025-11-28T12:43:23","guid":{"rendered":"https:\/\/castle-vianden.lu\/?post_type=mec-events&#038;p=60725"},"modified":"2026-02-25T10:46:40","modified_gmt":"2026-02-25T10:46:40","slug":"exposition-doeufs-peints","status":"publish","type":"mec-events","link":"https:\/\/castle-vianden.lu\/fr\/events\/exposition-doeufs-peints\/","title":{"rendered":"L\u2019art des \u0153ufs de P\u00e2ques en Roumanie"},"content":{"rendered":"<h2 data-start=\"75\" data-end=\"106\">Exposition &#8220;L\u2019art des \u0153ufs de P\u00e2ques en Roumanie&#8221; du 28 mars au 15 avril 2026 dans la salle des chevaliers<\/h2>\n<p>L\u2019exposition et les ateliers sont organis\u00e9s avec le soutien des experts du Mus\u00e9e national du village \u00ab Dimitrie Gusti \u00bb \u00e0 Bucarest. Symbole de l\u2019univers aux d\u00e9buts de l\u2019humanit\u00e9, l\u2019\u0153uf \u00e9tait l\u2019\u00e9l\u00e9ment primordial de la r\u00e9g\u00e9n\u00e9ration biologique. Avec l\u2019av\u00e8nement du christianisme, l\u2019ancienne symbolique des \u0153ufs rouges s\u2019est enrichie de nouvelles significations, mettant en avant le miracle de la R\u00e9surrection du Sauveur comme un espoir de r\u00e9g\u00e9n\u00e9ration de la vie, pour le bien de l\u2019humanit\u00e9. Faisant partie d\u2019un patrimoine culturel commun que l\u2019on retrouve dans toute l\u2019Europe centrale et orientale, la grande richesse et la vari\u00e9t\u00e9 de la cr\u00e9ation que l\u2019on observe dans l\u2019art de la peinture et de la d\u00e9coration des \u0153ufs en Roumanie sont surprenantes d\u2019une r\u00e9gion ethnographique \u00e0 l\u2019autre, et m\u00eame d\u2019un village \u00e0 l\u2019autre.<\/p>\n<p>L&#8217;exposition est ouverte tous les jours:<\/p>\n<p>En mars de 10h00 \u2013 17h00<\/p>\n<p>en avril de 10h00 &#8211; 18h00<\/p>\n<p>Prix: Prix d&#8217;entr\u00e9e au ch\u00e2teau<\/p>\n<p>&nbsp;<\/p>\n<p>Ateliers :<\/p>\n<ul>\n<li>Calendrier des ateliers : <strong>lundi 13 avril \u2013 2 ateliers, mardi 14 avril \u2013 3 ateliers, mercredi 15 avril \u2013 3 ateliers (10h00-12h00, 12h00-14h00, 14h00-16h00)<\/strong><\/li>\n<li><strong>10 participants maximum par atelier. \u00c2ge minimum requis : 12 ans pour travailler de mani\u00e8re autonome, les enfants plus jeunes doivent \u00eatre accompagn\u00e9s d&#8217;un adulte.<\/strong><\/li>\n<li>Dur\u00e9e d&#8217;un atelier : environ 1,30 heure<\/li>\n<\/ul>\n<p>&nbsp;<\/p>\n<div class=\"WordSection1\">\n<div class=\"\"><a href=\"https:\/\/www.youtube.com\/watch?v=2Ba0QGTiLSw\">https:\/\/www.youtube.com\/watch?v=2Ba0QGTiLSw<\/a><\/div>\n<\/div>\n<div><\/div>\n<div><a href=\"https:\/\/www.youtube.com\/watch?v=Ntnfp9Whbtw\">https:\/\/www.youtube.com\/watch?v=Ntnfp9Whbtw<\/a><\/div>\n<div><\/div>\n<div><\/div>\n<div>R\u00e9servations : (+352) 83 41 08-1 \/ <a href=\"mailto:caisse@castle-vianden.lu\">caisse@castle-vianden.lu<\/a><\/div>\n","protected":false},"excerpt":{"rendered":"<p>Exposition &#8220;L\u2019art des \u0153ufs de P\u00e2ques en Roumanie&#8221; du 28 mars au 15 avril 2026 dans la salle des chevaliers L\u2019exposition et les ateliers sont organis\u00e9s avec le soutien des experts du Mus\u00e9e national du village \u00ab Dimitrie Gusti \u00bb \u00e0 Bucarest. Symbole de l\u2019univers aux d\u00e9buts de l\u2019humanit\u00e9, l\u2019\u0153uf \u00e9tait l\u2019\u00e9l\u00e9ment primordial de la&hellip;<\/p>\n","protected":false},"author":2,"featured_media":60727,"comment_status":"closed","ping_status":"closed","template":"","tags":[],"mec_category":[190],"class_list":["post-60725","mec-events","type-mec-events","status-publish","has-post-thumbnail","hentry","mec_category-exposition","description-off"],"translation":{"provider":"WPGlobus","version":"3.0.0","language":"fr","enabled_languages":["de","fr","gb","nl"],"languages":{"de":{"title":true,"content":true,"excerpt":false},"fr":{"title":true,"content":true,"excerpt":false},"gb":{"title":true,"content":true,"excerpt":false},"nl":{"title":true,"content":true,"excerpt":false}}},"_links":{"self":[{"href":"https:\/\/castle-vianden.lu\/fr\/wp-json\/wp\/v2\/mec-events\/60725","targetHints":{"allow":["GET"]}}],"collection":[{"href":"https:\/\/castle-vianden.lu\/fr\/wp-json\/wp\/v2\/mec-events"}],"about":[{"href":"https:\/\/castle-vianden.lu\/fr\/wp-json\/wp\/v2\/types\/mec-events"}],"author":[{"embeddable":true,"href":"https:\/\/castle-vianden.lu\/fr\/wp-json\/wp\/v2\/users\/2"}],"replies":[{"embeddable":true,"href":"https:\/\/castle-vianden.lu\/fr\/wp-json\/wp\/v2\/comments?post=60725"}],"wp:featuredmedia":[{"embeddable":true,"href":"https:\/\/castle-vianden.lu\/fr\/wp-json\/wp\/v2\/media\/60727"}],"wp:attachment":[{"href":"https:\/\/castle-vianden.lu\/fr\/wp-json\/wp\/v2\/media?parent=60725"}],"wp:term":[{"taxonomy":"post_tag","embeddable":true,"href":"https:\/\/castle-vianden.lu\/fr\/wp-json\/wp\/v2\/tags?post=60725"},{"taxonomy":"mec_category","embeddable":true,"href":"https:\/\/castle-vianden.lu\/fr\/wp-json\/wp\/v2\/mec_category?post=60725"}],"curies":[{"name":"wp","href":"https:\/\/api.w.org\/{rel}","templated":true}]}}