{"id":58716,"date":"2021-06-30T08:05:40","date_gmt":"2021-06-30T08:05:40","guid":{"rendered":"https:\/\/castle-vianden.lu\/?post_type=mec-events&#038;p=58716"},"modified":"2025-10-07T11:02:47","modified_gmt":"2025-10-07T11:02:47","slug":"via-kammerata-2nd-edition-musicdays-vianden-2021","status":"publish","type":"mec-events","link":"https:\/\/castle-vianden.lu\/nl\/events\/via-kammerata-2nd-edition-musicdays-vianden-2021\/","title":{"rendered":"MUSICDAYS VIANDEN 2025 &#8211; Calmus Ensemble Leipzig"},"content":{"rendered":"<h2><strong>MusicDays Vianden 2025<\/strong><\/h2>\n<h2>02.11. &#8211; 09.11.2025<\/h2>\n<h3>Ch\u00e2teau, Ancien Cin\u00e9ma, \u00c9glise des Trinitaires<\/h3>\n<h3>6th edition<\/h3>\n<p data-start=\"0\" data-end=\"309\">For the sixth time, the MusicDays are transforming the town of Vianden into a stage for musical discovery. The festival opens with the Calmus Ensemble Leipzig and Maurice Clement (organ) at the Trinitarian Church, presenting a program that spans from the Renaissance to Romantic and contemporary vocal music.<\/p>\n<p data-start=\"311\" data-end=\"489\">At the castle, the concert <em data-start=\"338\" data-end=\"359\">\u201cDer Ruf des Horns\u201d<\/em> features works by Mozart, Brahms, Reuter, and Kurt\u00e1g, where the horn serves as a sonic thread connecting different musical eras.<\/p>\n<p data-start=\"491\" data-end=\"643\">The Anaphora Trio takes over the Ancien Cin\u00e9ma with an evening of jazz that blends techno-inspired rhythms, improvisation, and non-European influences.<\/p>\n<p data-start=\"645\" data-end=\"779\">For children and families, <em data-start=\"672\" data-end=\"708\">\u201cCopp\u00e9lia \u2013 Eng ongew\u00e9inlech Popp\u201d<\/em> tells a whimsical story through music and dance, full of imagination.<\/p>\n<p data-start=\"781\" data-end=\"980\">The closing concert brings together Mozart\u2019s intimate Clarinet Quintet and Strauss\u2019s sharp-edged suite <em data-start=\"884\" data-end=\"912\">\u201cLe Bourgeois gentilhomme\u201d<\/em> \u2013 a final encounter of sonic finesse and stylistic sophistication.<\/p>\n<p data-start=\"982\" data-end=\"1072\" data-is-last-node=\"\" data-is-only-node=\"\">Old and new, poetry and play come into dialogue \u2013 there\u2019s something for everyone to enjoy.<\/p>\n<hr \/>\n<h3><strong>Sunday 2\/11 | 17:00 | Eglise des Trinitaires | Calmus Ensemble Leipzig<\/strong><\/h3>\n<p data-start=\"0\" data-end=\"245\">For this exceptional concert, Kammerata Luxembourg welcomes the renowned Calmus Ensemble from Leipzig \u2013 a vocal quintet that has captivated audiences for over 25 years with its precise tone, stylistic diversity, and profound musical expression. Together with Maurice Clement, Kammerata\u2019s organist, a true musical dialogue unfolds: between voices and the breath of the organ, between the Renaissance and contemporary creation, between formal rigor and sonic freedom.<\/p>\n<p data-start=\"0\" data-end=\"374\">The evening revolves around the four elements \u2013 water, earth, air, and fire \u2013 symbols of both the forces of nature and inner states of being. The cycle <em data-start=\"152\" data-end=\"176\">Les \u00e9l\u00e9ments de l\u2019\u00eatre<\/em>, composed especially for Calmus by Harald Banter, finds its counterpart in the <em data-start=\"256\" data-end=\"264\">Duetti<\/em> by Johann Sebastian Bach \u2013 refined organ pieces brought to life by Maurice Clement as mirror-like responses. Between these poles, spaces open up for improvisation, folk songs reimagined by Brahms, and vocal works from the Renaissance by William Byrd.<\/p>\n<p data-start=\"0\" data-end=\"245\">The result is a contemplative and intense musical dialogue \u2013 about the power of nature, the beauty of the voice\u2026 and what unfolds in the silences between the sounds.<\/p>\n<p data-start=\"0\" data-end=\"245\"><strong data-start=\"0\" data-end=\"18\" data-is-only-node=\"\">Louis Marchand<\/strong> \u2013 <em data-start=\"21\" data-end=\"42\">Grand Dialogue in C<\/em><br data-start=\"42\" data-end=\"45\" \/><strong data-start=\"45\" data-end=\"61\">William Byrd<\/strong> \u2013 Excerpts from the <em data-start=\"82\" data-end=\"104\">Mass for Five Voices<\/em><br data-start=\"104\" data-end=\"107\" \/><strong data-start=\"107\" data-end=\"126\">Johannes Brahms<\/strong> \u2013 <em data-start=\"129\" data-end=\"192\">Waldesnacht \u00b7 In stiller Nacht \u00b7 Der Falke \u00b7 Da unten im Tale<\/em><br data-start=\"192\" data-end=\"195\" \/><strong data-start=\"195\" data-end=\"212\">Harald Banter<\/strong> \u2013 <em data-start=\"215\" data-end=\"243\">Water \u00b7 Earth \u00b7 Air \u00b7 Fire<\/em> (from <em data-start=\"250\" data-end=\"269\">Elements of Being<\/em>, 2024)<br data-start=\"276\" data-end=\"279\" \/><strong data-start=\"279\" data-end=\"304\">Johann Sebastian Bach<\/strong> \u2013 <em data-start=\"307\" data-end=\"320\">Duetto I\u2013IV<\/em>, BWV 802\u2013805<br data-start=\"333\" data-end=\"336\" \/><strong data-start=\"336\" data-end=\"352\">William Byrd<\/strong> \u2013 <em data-start=\"355\" data-end=\"366\">The Bells<\/em><br data-start=\"366\" data-end=\"369\" \/><strong data-start=\"369\" data-end=\"388\">Maurice Clement<\/strong> \u2013 <em data-start=\"391\" data-end=\"412\" data-is-last-node=\"\">Organ Improvisation<\/em><\/p>\n<p><strong data-start=\"0\" data-end=\"19\" data-is-only-node=\"\">Maurice Clement<\/strong>, organ<br data-start=\"26\" data-end=\"29\" \/><strong data-start=\"29\" data-end=\"57\">Calmus Ensemble Leipzig:<\/strong><br data-start=\"57\" data-end=\"60\" \/><strong data-start=\"60\" data-end=\"81\">Elisabeth M\u00fccksch<\/strong>, soprano<br data-start=\"90\" data-end=\"93\" \/><strong data-start=\"93\" data-end=\"109\">Johanna Veit<\/strong>, alto<br data-start=\"115\" data-end=\"118\" \/><strong data-start=\"118\" data-end=\"138\">Friedrich Bracks<\/strong>, tenor<br data-start=\"145\" data-end=\"148\" \/><strong data-start=\"148\" data-end=\"174\">Jonathan M\u00fcller Saretz<\/strong>, baritone<br data-start=\"184\" data-end=\"187\" \/><strong data-start=\"187\" data-end=\"209\">Michael B. Gernert<\/strong>, bass<\/p>\n<hr \/>\n<h3>INFORMATION \/ RESERVATIONS:<\/h3>\n<p><strong>Tickets<\/strong><\/p>\n<p>Exclusively on: <a href=\"https:\/\/www.musicdays.lu\/tickets\">https:\/\/www.musicdays.lu\/tickets<\/a><\/p>\n<p>&nbsp;<\/p>\n<p><strong>Information<\/strong><br \/>\n<a href=\"http:\/\/www.musicdays.lu\">www.musicdays.lu<br \/>\n<\/a><a href=\"mailto:info@castle-vianden.lu\">info@castle-vianden.lu<br \/>\n<\/a>t\u00e9l : 83 41 08 1<\/p>\n<hr \/>\n<p><strong>With the support of: EWA Fiduciaire S.A., Islek ouni Grenzen, Hotel Petry<\/strong><\/p>\n<hr \/>\n<p><strong>Coproduction: Conservatoire du Nord<\/strong><\/p>\n<p><img loading=\"lazy\" decoding=\"async\" class=\"alignnone wp-image-59858\" src=\"https:\/\/castle-vianden.lu\/wp-content\/uploads\/2023\/09\/Logo-Ministere-de-la-Culture.png\" alt=\"\" width=\"290\" height=\"72\" srcset=\"https:\/\/castle-vianden.lu\/wp-content\/uploads\/2023\/09\/Logo-Ministere-de-la-Culture.png 450w, https:\/\/castle-vianden.lu\/wp-content\/uploads\/2023\/09\/Logo-Ministere-de-la-Culture-300x75.png 300w\" sizes=\"auto, (max-width: 290px) 100vw, 290px\" \/> <img loading=\"lazy\" decoding=\"async\" class=\"alignnone wp-image-59329\" src=\"https:\/\/castle-vianden.lu\/wp-content\/uploads\/2021\/06\/VISIT_LUXBG_CMYK_1.jpg\" alt=\"\" width=\"177\" height=\"91\" \/> <img loading=\"lazy\" decoding=\"async\" class=\"alignnone wp-image-59263\" src=\"https:\/\/castle-vianden.lu\/wp-content\/uploads\/2020\/07\/Islek-ohne-Grenzen_2016_Logo.png\" alt=\"\" width=\"111\" height=\"121\" srcset=\"https:\/\/castle-vianden.lu\/wp-content\/uploads\/2020\/07\/Islek-ohne-Grenzen_2016_Logo.png 800w, https:\/\/castle-vianden.lu\/wp-content\/uploads\/2020\/07\/Islek-ohne-Grenzen_2016_Logo-274x300.png 274w, https:\/\/castle-vianden.lu\/wp-content\/uploads\/2020\/07\/Islek-ohne-Grenzen_2016_Logo-768x840.png 768w\" sizes=\"auto, (max-width: 111px) 100vw, 111px\" \/>\u00a0 \u00a0 <img loading=\"lazy\" decoding=\"async\" class=\"alignnone wp-image-58810\" src=\"https:\/\/castle-vianden.lu\/wp-content\/uploads\/2020\/07\/Ewa-texte.jpg\" alt=\"\" width=\"113\" height=\"99\" srcset=\"https:\/\/castle-vianden.lu\/wp-content\/uploads\/2020\/07\/Ewa-texte.jpg 595w, https:\/\/castle-vianden.lu\/wp-content\/uploads\/2020\/07\/Ewa-texte-300x263.jpg 300w\" sizes=\"auto, (max-width: 113px) 100vw, 113px\" \/><img loading=\"lazy\" decoding=\"async\" class=\"alignnone wp-image-60167\" src=\"https:\/\/castle-vianden.lu\/wp-content\/uploads\/2021\/06\/Logo_Hotel-Petry_20241018_124524_0000.jpg\" alt=\"\" width=\"211\" height=\"66\" srcset=\"https:\/\/castle-vianden.lu\/wp-content\/uploads\/2021\/06\/Logo_Hotel-Petry_20241018_124524_0000.jpg 1920w, https:\/\/castle-vianden.lu\/wp-content\/uploads\/2021\/06\/Logo_Hotel-Petry_20241018_124524_0000-300x94.jpg 300w, https:\/\/castle-vianden.lu\/wp-content\/uploads\/2021\/06\/Logo_Hotel-Petry_20241018_124524_0000-1024x320.jpg 1024w, https:\/\/castle-vianden.lu\/wp-content\/uploads\/2021\/06\/Logo_Hotel-Petry_20241018_124524_0000-768x240.jpg 768w, https:\/\/castle-vianden.lu\/wp-content\/uploads\/2021\/06\/Logo_Hotel-Petry_20241018_124524_0000-1536x480.jpg 1536w\" sizes=\"auto, (max-width: 211px) 100vw, 211px\" \/><img loading=\"lazy\" decoding=\"async\" class=\"alignnone wp-image-60584\" src=\"https:\/\/castle-vianden.lu\/wp-content\/uploads\/2023\/04\/Logo_WaagnerBiro_CMYK-1-scaled.jpg\" alt=\"\" width=\"212\" height=\"91\" srcset=\"https:\/\/castle-vianden.lu\/wp-content\/uploads\/2023\/04\/Logo_WaagnerBiro_CMYK-1-scaled.jpg 2560w, https:\/\/castle-vianden.lu\/wp-content\/uploads\/2023\/04\/Logo_WaagnerBiro_CMYK-1-300x129.jpg 300w, https:\/\/castle-vianden.lu\/wp-content\/uploads\/2023\/04\/Logo_WaagnerBiro_CMYK-1-1024x440.jpg 1024w, https:\/\/castle-vianden.lu\/wp-content\/uploads\/2023\/04\/Logo_WaagnerBiro_CMYK-1-768x330.jpg 768w, https:\/\/castle-vianden.lu\/wp-content\/uploads\/2023\/04\/Logo_WaagnerBiro_CMYK-1-1536x660.jpg 1536w, https:\/\/castle-vianden.lu\/wp-content\/uploads\/2023\/04\/Logo_WaagnerBiro_CMYK-1-2048x880.jpg 2048w\" sizes=\"auto, (max-width: 212px) 100vw, 212px\" \/><\/p>\n<p><img loading=\"lazy\" decoding=\"async\" class=\"alignnone wp-image-14\" src=\"https:\/\/castle-vianden.lu\/wp-content\/uploads\/2020\/04\/cropped-ChateauVianden_11_7_2016-1.png\" alt=\"\" width=\"190\" height=\"104\" srcset=\"https:\/\/castle-vianden.lu\/wp-content\/uploads\/2020\/04\/cropped-ChateauVianden_11_7_2016-1.png 6081w, https:\/\/castle-vianden.lu\/wp-content\/uploads\/2020\/04\/cropped-ChateauVianden_11_7_2016-1-600x328.png 600w, https:\/\/castle-vianden.lu\/wp-content\/uploads\/2020\/04\/cropped-ChateauVianden_11_7_2016-1-300x164.png 300w, https:\/\/castle-vianden.lu\/wp-content\/uploads\/2020\/04\/cropped-ChateauVianden_11_7_2016-1-1024x561.png 1024w, https:\/\/castle-vianden.lu\/wp-content\/uploads\/2020\/04\/cropped-ChateauVianden_11_7_2016-1-768x420.png 768w, https:\/\/castle-vianden.lu\/wp-content\/uploads\/2020\/04\/cropped-ChateauVianden_11_7_2016-1-1536x841.png 1536w, https:\/\/castle-vianden.lu\/wp-content\/uploads\/2020\/04\/cropped-ChateauVianden_11_7_2016-1-2048x1121.png 2048w, https:\/\/castle-vianden.lu\/wp-content\/uploads\/2020\/04\/cropped-ChateauVianden_11_7_2016-1-1200x657.png 1200w, https:\/\/castle-vianden.lu\/wp-content\/uploads\/2020\/04\/cropped-ChateauVianden_11_7_2016-1-1980x1084.png 1980w\" sizes=\"auto, (max-width: 190px) 100vw, 190px\" \/><img loading=\"lazy\" decoding=\"async\" class=\"alignnone wp-image-60042\" src=\"https:\/\/castle-vianden.lu\/wp-content\/uploads\/2023\/04\/Kammerata_Logo-scaled.jpg\" alt=\"\" width=\"298\" height=\"111\" srcset=\"https:\/\/castle-vianden.lu\/wp-content\/uploads\/2023\/04\/Kammerata_Logo-scaled.jpg 2560w, https:\/\/castle-vianden.lu\/wp-content\/uploads\/2023\/04\/Kammerata_Logo-300x112.jpg 300w, https:\/\/castle-vianden.lu\/wp-content\/uploads\/2023\/04\/Kammerata_Logo-1024x381.jpg 1024w, https:\/\/castle-vianden.lu\/wp-content\/uploads\/2023\/04\/Kammerata_Logo-768x286.jpg 768w, https:\/\/castle-vianden.lu\/wp-content\/uploads\/2023\/04\/Kammerata_Logo-1536x572.jpg 1536w, https:\/\/castle-vianden.lu\/wp-content\/uploads\/2023\/04\/Kammerata_Logo-2048x763.jpg 2048w\" sizes=\"auto, (max-width: 298px) 100vw, 298px\" \/><img loading=\"lazy\" decoding=\"async\" class=\"alignnone wp-image-60041\" src=\"https:\/\/castle-vianden.lu\/wp-content\/uploads\/2023\/04\/Logo-Ville_de_Vianden-Circle-VF-RGB.png\" alt=\"\" width=\"141\" height=\"141\" srcset=\"https:\/\/castle-vianden.lu\/wp-content\/uploads\/2023\/04\/Logo-Ville_de_Vianden-Circle-VF-RGB.png 1800w, https:\/\/castle-vianden.lu\/wp-content\/uploads\/2023\/04\/Logo-Ville_de_Vianden-Circle-VF-RGB-300x300.png 300w, https:\/\/castle-vianden.lu\/wp-content\/uploads\/2023\/04\/Logo-Ville_de_Vianden-Circle-VF-RGB-1024x1024.png 1024w, https:\/\/castle-vianden.lu\/wp-content\/uploads\/2023\/04\/Logo-Ville_de_Vianden-Circle-VF-RGB-135x135.png 135w, https:\/\/castle-vianden.lu\/wp-content\/uploads\/2023\/04\/Logo-Ville_de_Vianden-Circle-VF-RGB-768x768.png 768w, https:\/\/castle-vianden.lu\/wp-content\/uploads\/2023\/04\/Logo-Ville_de_Vianden-Circle-VF-RGB-1536x1536.png 1536w\" sizes=\"auto, (max-width: 141px) 100vw, 141px\" \/><\/p>\n<hr \/>\n","protected":false},"excerpt":{"rendered":"<p>MusicDays Vianden 2025 02.11. &#8211; 09.11.2025 Ch\u00e2teau, Ancien Cin\u00e9ma, \u00c9glise des Trinitaires 6th edition For the sixth time, the MusicDays are transforming the town of Vianden into a stage for musical discovery. The festival opens with the Calmus Ensemble Leipzig and Maurice Clement (organ) at the Trinitarian Church, presenting a program that spans from the&hellip;<\/p>\n","protected":false},"author":2,"featured_media":60578,"comment_status":"closed","ping_status":"closed","template":"","tags":[],"mec_category":[191],"class_list":["post-58716","mec-events","type-mec-events","status-publish","has-post-thumbnail","hentry","mec_category-concert","description-off"],"translation":{"provider":"WPGlobus","version":"3.0.0","language":"nl","enabled_languages":["de","fr","gb","nl"],"languages":{"de":{"title":true,"content":true,"excerpt":false},"fr":{"title":true,"content":true,"excerpt":false},"gb":{"title":true,"content":true,"excerpt":false},"nl":{"title":true,"content":true,"excerpt":false}}},"_links":{"self":[{"href":"https:\/\/castle-vianden.lu\/nl\/wp-json\/wp\/v2\/mec-events\/58716","targetHints":{"allow":["GET"]}}],"collection":[{"href":"https:\/\/castle-vianden.lu\/nl\/wp-json\/wp\/v2\/mec-events"}],"about":[{"href":"https:\/\/castle-vianden.lu\/nl\/wp-json\/wp\/v2\/types\/mec-events"}],"author":[{"embeddable":true,"href":"https:\/\/castle-vianden.lu\/nl\/wp-json\/wp\/v2\/users\/2"}],"replies":[{"embeddable":true,"href":"https:\/\/castle-vianden.lu\/nl\/wp-json\/wp\/v2\/comments?post=58716"}],"wp:featuredmedia":[{"embeddable":true,"href":"https:\/\/castle-vianden.lu\/nl\/wp-json\/wp\/v2\/media\/60578"}],"wp:attachment":[{"href":"https:\/\/castle-vianden.lu\/nl\/wp-json\/wp\/v2\/media?parent=58716"}],"wp:term":[{"taxonomy":"post_tag","embeddable":true,"href":"https:\/\/castle-vianden.lu\/nl\/wp-json\/wp\/v2\/tags?post=58716"},{"taxonomy":"mec_category","embeddable":true,"href":"https:\/\/castle-vianden.lu\/nl\/wp-json\/wp\/v2\/mec_category?post=58716"}],"curies":[{"name":"wp","href":"https:\/\/api.w.org\/{rel}","templated":true}]}}